{"id":76818,"date":"2022-10-22T12:35:06","date_gmt":"2022-10-22T10:35:06","guid":{"rendered":"http:\/\/andreaforneris.com\/web\/?page_id=76818"},"modified":"2022-10-23T09:04:08","modified_gmt":"2022-10-23T07:04:08","slug":"curriculum-forneris-andrea","status":"publish","type":"page","link":"http:\/\/andreaforneris.com\/web\/curriculum-forneris-andrea\/","title":{"rendered":"Curriculum Forneris Andrea"},"content":{"rendered":"<p><span style=\"font-weight: 400;\">Tecnico Sanitario Radiologia Medica\u00a0<\/span><\/p>\n<p><span style=\"font-weight: 400;\">ESPERIENZE LAVORATIVE<\/span><\/p>\n<p><span style=\"font-weight: 400;\">5 Sep 1999\u20135 Oct 2001 <\/span><span style=\"font-weight: 400;\">Tecnico Sanitario Radiologia Medica\u00a0 <\/span><span style=\"font-weight: 400;\">CEDIM SpA, Sanremo <\/span><\/p>\n<p><span style=\"font-weight: 400;\">Le mansioni svolte presso questo centro comprendono esami Mammografici (con apparecchiatura\u00a0\u00a0<\/span><span style=\"font-weight: 400;\">GE Seno DMR), Radiologia Tradizionale e Digitale (con apparecchiatura GE Prestige SI), MOC\u00a0<\/span><span style=\"font-weight: 400;\">DEXA (Hologic QDR 4500 Elite), Ortopantomografia (Orthophos Siemens), TAC Spirale (GE\u00a0\u00a0<\/span><span style=\"font-weight: 400;\">Prospeed S Fast), Risonanza Magnetica (GE Signa Horizont 1,5T, con esecuzione completa di esami\u00a0 <\/span><span style=\"font-weight: 400;\">articolari, di neuroradiologia, total body, angio-RM, sequenze per i flussi lenti, dinamici, cardiaci, e\u00a0\u00a0<\/span><span style=\"font-weight: 400;\">senologici). L\u2019esperienza in questo Centro comprende anche l\u2019organizzazione dei vari reparti (il\u00a0 \u00a0<\/span><span style=\"font-weight: 400;\">Centro, infatti, ha iniziato l\u2019attivit\u00e0 completa nel Gennaio \u201999), la gestione del magazzino, l\u2019assistenza ai\u00a0<\/span><span style=\"font-weight: 400;\">medici durante esami particolari (stereotassi, agobiopsia ecoguidata, infiltrazioni peridurali), lo\u00a0\u00a0<\/span><span style=\"font-weight: 400;\">svolgimento di alcune mansioni di segreteria.\u00a0<\/span><span style=\"font-weight: 400;\">Presso questo stesso Centro dal Novembre 99 prende l\u2019incarico di Responsabile del Reparto di\u00a0\u00a0<\/span><span style=\"font-weight: 400;\">Risonanza Magnetica-TAC e dei relativi ambulatori medici.\u00a0<\/span><\/p>\n<p><span style=\"font-weight: 400;\">5 Oct 2001\u201313 Jan 2003 <\/span><span style=\"font-weight: 400;\">Tecnico Sanitario Radiologia Medica\u00a0<\/span><span style=\"font-weight: 400;\">CEDIM S.p.A, Sanremo\u00a0\u00a0<\/span><\/p>\n<p><span style=\"font-weight: 400;\">Stesse mansioni del periodo precedente, ma con contratto a tempo parziale (30 ore) indeterminato\u00a0<\/span><\/p>\n<p><span style=\"font-weight: 400;\">13 Jan 2003\u20132010 <\/span><span style=\"font-weight: 400;\">Tecnico Sanitario Radiologia Medica\u00a0<\/span><\/p>\n<p><span style=\"font-weight: 400;\">Libero Professionista, Sanremo &#8211; Genova &#8211; Monaco\u00a0\u00a0<\/span><\/p>\n<p><span style=\"font-weight: 400;\">Dal 1 Gennaio 2003 inizia un&#8217;attivit\u00e0 puramente libero professionale come specialista in TC ed RM\u00a0 presso il CIMM di Monaco (utilizzando una RM Siemens Magnetom Synphony 1,5T ed una TC\u00a0 Siemenes Emotion Duo, in seguito Philips Achieva 1.5T e Philips Brillance 16 e 40), la CEDIM SpA di\u00a0 Sanremo (utilizzando una RM GE Signa Horizont 1,5T ed una TC GE Prospeed Fast) e la\u00a0 BIOMEDICAL di Genova (utilizzando una RM Picker Polaris 1.0T e GE Signa 1.5T).\u00a0<\/span><\/p>\n<p><span style=\"font-weight: 400;\">2010-2021 <\/span><span style=\"font-weight: 400;\">Tecnico Sanitario Radiologia Medica\u00a0<\/span><\/p>\n<p><span style=\"font-weight: 400;\">Impiegato a tempo indeterminato presso il CIMM di Monaco, con ruolo di responsabile dei 2\u00a0 \u00a0<\/span><span style=\"font-weight: 400;\">reparti RM operanti con Philips Ingenia 1.5 Tesla.\u00a0<\/span><\/p>\n<p><span style=\"font-weight: 400;\">Sessioni lavorative anche in radiologia digitale (Apparecchiature Stephanix) e MOC (Hologic).\u00a0 <\/span><span style=\"font-weight: 400;\">Specializzato in prodecure di radiologia interventistica conprendenti procedure di Artro-TC, Artro-RM e\u00a0 <\/span><span style=\"font-weight: 400;\">infiItrazioni sotto guida radioscopica o TC.\u00a0<\/span><\/p>\n<p><span style=\"font-weight: 400;\">Dal settembre 2017 presa in carico della nuova RM Philips Ingenia 3 Tesla installata parallelamente\u00a0 \u00a0<\/span><span style=\"font-weight: 400;\">alla 1.5T del centro CIMM\u00a0<\/span><\/p>\n<p>Dal 2021 Presa in carico di una nuova Philips Ambition 1.5T e di due Philips Elition 3 Tesla<\/p>\n<p><span style=\"font-weight: 400;\">2021 <\/span><span style=\"font-weight: 400;\">Tecnico Sanitario Radiologia Medica e Libera professione analisi Immagini<\/span><\/p>\n<p><span style=\"font-weight: 400;\">Analisi di oltre 15mila toraci per l\u2019individuazione e marcatura di noduli\u00a0<\/span><\/p>\n<p><span style=\"font-weight: 400;\">\u00a0<\/span><\/p>\n<p><span style=\"font-weight: 400;\">EDUCATION AND TRAINING <\/span><\/p>\n<p><span style=\"font-weight: 400;\">Diploma di maturit\u00e0 Perito Tecnico Industriale Informatico\u00a0 <\/span><span style=\"font-weight: 400;\">Curriculum vitae Forneris Andrea\u00a0 <\/span><span style=\"font-weight: 400;\">I.T.I.S. \u201cG.Vallauri\u201d, Fossano\u00a0\u00a0<\/span><\/p>\n<p><span style=\"font-weight: 400;\">Diploma di Tecnico Sanitario di Radiologia Medica\u00a0 <\/span><span style=\"font-weight: 400;\">Scuola di formazione professionale dell\u2019Azienda Ospedaliera \u201cS. Corona\u201d, Pietra Ligure\u00a0 \u00a0<\/span><span style=\"font-weight: 400;\">(SV)\u00a0\u00a0<\/span><\/p>\n<p><span style=\"font-weight: 400;\">CAPACITA PERSONALI<\/span><\/p>\n<p><span style=\"font-weight: 400;\">Madre lingua. Italiano<\/span><\/p>\n<p>Altre lingue<\/p>\n<p><span style=\"font-weight: 400;\">French C2 C1 C1 C1 B2 <\/span><\/p>\n<p><span style=\"font-weight: 400;\">English B1 B2 A2 A2 A2\u00a0<\/span><\/p>\n<p><span style=\"font-weight: 400;\">Utilizzo avanzato di software ad uso comune (Office, Libreoffice, Openoffice) ma anche photoediting\u00a0 (Photoshop e GIMP), in particolare dei software per preparazione presentazioni.\u00a0<\/span><\/p>\n<p><span style=\"font-weight: 400;\">Uso di linguaggi di programmazione (HTML avanzato, PHP base, uso di traferimenti FTP).\u00a0\u00a0<\/span><\/p>\n<p><span style=\"font-weight: 400;\">Utilizzatore di sistemi operativi Windows, Mac e Linux., e differenti SO per tablet\u00a0<\/span><\/p>\n<p><span style=\"font-weight: 400;\">Patente\u00a0<\/span> <span style=\"font-weight: 400;\">A e B\u00a0<\/span><\/p>\n<p><span style=\"font-weight: 400;\">RUOLI ORGANIZZATIVI E MANAGERIALI<\/span><\/p>\n<p><span style=\"font-weight: 400;\">Ruolo di gestione ed organizzazione delle indagini radiologiche effettuati su pazienti italiani nei centri\u00a0 diagnostici monegaschi.\u00a0<\/span><\/p>\n<p><span style=\"font-weight: 400;\">Esperienza Professionale Pre Diploma\u00a0<\/span><\/p>\n<p><span style=\"font-weight: 400;\">&#8211; Dal 20 luglio 1998 al 28 agosto 1998 e dal 28 settembre 1998 al 30 novembre 1998 ha frequentato\u00a0 in qualit\u00e0 di volontario il\u00a0<\/span><\/p>\n<p><span style=\"font-weight: 400;\">Centro di Diagnostica per IMmagini \u201cCEDIM\u201d di Sanremo, presso le sezioni di\u00a0 radiologia digitale, mammografia, MOC-DEXA e ortopantomografia, collaborando attivamente\u00a0 all\u2019attivit\u00e0 del Centro e all\u2019organizzazione dei servizi.\u00a0<\/span><\/p>\n<p><span style=\"font-weight: 400;\">&#8211; Dal 31 agosto 1998 all\u201911 settembre 1998 ha frequentato, in qualit\u00e0 di volontario, il Servizio T.A.C.\u00a0 della Casa di Cura Privata \u201cAncelle della Carit\u00e0\u201d di Cremona. L\u2019esperienza era finalizzata\u00a0 all\u2019apprendimento teorico-pratico per l\u2019utilizzo della TC spirale GE ProSpeed Fast e Advantage\u00a0 Windows Workstation.\u00a0<\/span><\/p>\n<p><span style=\"font-weight: 400;\">&#8211; Dal 21 al 25 settembre 1998 ha frequentato, in qualit\u00e0 di volontario, il Servizio di Risonanza\u00a0 Magnetica del Centro di Riferimento Oncologico Europeo di Aviano (PN). L\u2019esperienza era finalizzata\u00a0 all\u2019apprendimento teorico-pratico per l\u2019utilizzo della Risonanza Magnetica GE Signa LX 1.5T e\u00a0 Advantage Windows Workstation.\u00a0<\/span><\/p>\n<p><span style=\"font-weight: 400;\">&#8211; Dall\u2019 1 agosto 1996 al 20 settembre 1996 ha frequentato, in qualit\u00e0 di volontario, il Reparto di\u00a0 Radiodiagnostica dell\u2019Ospedale \u201cS.Croce e Carle\u201d di Cuneo, seguendo e collaborando all\u2019attivit\u00e0\u00a0 diagnostica del reparto.\u00a0\u00a0<\/span><\/p>\n<p><span style=\"font-weight: 400;\">&#8211; Dal 3 luglio 1997 al 16 settembre 1997 ha frequentato, in qualit\u00e0 di volontario, il Reparto di\u00a0 Radiodiagnostica (sezione angiografia) e la Divisione di Radioterapia dell\u2019Ospedale \u201cS.Croce e Carle\u201d\u00a0 di Cuneo, seguendo e collaborando all\u2019attivit\u00e0 diagnostica e terapeutica dei reparti.\u00a0<\/span><\/p>\n<p><span style=\"font-weight: 400;\">&#8211; Da novembre 1997 a giugno 1998 ha collaborato, nelle ore scolastiche di tirocinio pratico del mattino e nelle ore pomeridiane dopo le lezioni, con il personale della sezione di Risonanza Magnetica del\u00a0 Reparto di Radiologia e di Neuroradiologia dell\u2019Azienda Ospedaliera \u201cS.Corona\u201d di Pietra Ligure,\u00a0 dedicandosi all\u2019esecuzione di esami, con macchina da 1T (Gyroscan NT10 PHILIPS) sia nel settore\u00a0 della radiologia Articolare, Body che della Neuroradiologia. L\u2019esperienza acquisita comprende, oltre gli esami standard, anche studi dinamici, Angio-RM, studi di flusso, sequenze per studio di flussi lenti\u00a0 \u00a0<\/span><span style=\"font-weight: 400;\">(Colangio-RM, Pielo-RM, Mielo-RM), ricostruzioni multiplanari , ricostruzioni 3D con workstation\u00a0 dedicata.\u00a0<\/span><\/p>\n<p><span style=\"font-weight: 400;\">Dal gennaio 1998 ha collaborato saltuariamente con il Dr. Giuliano Michelozzi (Primario del Servizio di Neuroradiologia dell\u2019Azienda Ospedaliera S.Corona di Pietra Ligure) presso centri privati (Genova e\u00a0 Montecarlo), utilizzando macchine GE Vectra 0.5T e SIEMENS 1.5T.\u00a0<\/span><\/p>\n<p><span style=\"font-weight: 400;\">Attivit\u00e0 Scientifiche <\/span><\/p>\n<p><span style=\"font-weight: 400;\">\u25aa Ottobre 2008: Relatore al corso per tecnici di radiologia, \u201cMetodiche di studio nella patologia del\u00a0 ginocchio&#8221; presso l&#8217;IM2S di Monaco.\u00a0<\/span><\/p>\n<p><span style=\"font-weight: 400;\">\u25aa Marzo 2009: Relatore al corso per tecnici di radiologia, \u201cMetodiche di studio nella patologia del\u00a0 rachide lombosacrale&#8221; presso l&#8217;IM2S di Monaco.\u00a0<\/span><\/p>\n<p><span style=\"font-weight: 400;\">\u25aa dal 01-01-2009 fondazione dell&#8217;associazione IDEA RM e Apertura del sito <\/span><span style=\"font-weight: 400;\">http:\/\/www.rm-online.it\/<\/span> <span style=\"font-weight: 400;\">con gestione globale dello stesso\u00a0<\/span><\/p>\n<p><span style=\"font-weight: 400;\">\u25aa Aprile 2011: Relatore al corso per tecnici di radiologia \u201cAggiornamenti in patologia muscolo scheletrica spalla, anca, rachide&#8221; a Matera\u00a0<\/span><\/p>\n<p><span style=\"font-weight: 400;\">\u25aa Novembre 2011 Relatore di un corso completo ECM di 16 ore totali \u201cRisonanza magnetica &#8211; Le\u00a0 basi teoriche e la Pratica Quotidiana&#8221; per TSRM e Radiologi presso l&#8217;ASUR n.9 di Macerata\u00a0<\/span><\/p>\n<p><span style=\"font-weight: 400;\">\u25aa Marzo 2012 Relatore di un corso completo ECM di 16 ore totali \u201cRisonanza magnetica &#8211; Le basi\u00a0 teoriche e la Pratica Quotidiana&#8221; per TSRM e Radiologi presso Casa di Cura Citt\u00e0 di Udine.\u00a0<\/span><\/p>\n<p><span style=\"font-weight: 400;\">\u25aa Settembre 2012 relatore al corso ECM 8 crediti per Medici e Tecnici \u201cRisonanza magnetica &#8211; Le\u00a0 basi teoriche e la Pratica Quotidiana&#8221; all&#8217;ospedale di Tempio Pausania (OL)\u00a0<\/span><\/p>\n<p><span style=\"font-weight: 400;\">\u25aa Ottobre 2012 relatore al corso ECM per TSRM \u201c3D Digital Days \u2013 Acquisizione Dataset RM, nuove Bobine e Imaging Parallelo&#8221;Articolo sulla rivista TSRMforEveryone intitolato \u201cLo studio delle vie\u00a0 ottiche con TC e RM&#8221;, scritto insieme a Oscar Brazzo\u00a0<\/span><\/p>\n<p><span style=\"font-weight: 400;\">\u25aa Marzo 2013 &#8211; CoAutore della presentazione &#8220;Imagerie de la tendinpatie de la coiffe des rotateur&#8221; a\u00a0 Monaco, con il Dr. JM Cucchi e M.Liberatore.\u00a0<\/span><\/p>\n<p><span style=\"font-weight: 400;\">\u25aa Giugno 2013 CoAutore della presentazione &#8220;Imagerie des Spondiloartropathie&#8221; , a Mougin (FR)\u00a0 con il Dr. JM Cucchi e M.Liberatore\u00a0<\/span><\/p>\n<p><span style=\"font-weight: 400;\">\u25aa Ottobre 2013 &#8211; CoAutore della presentazione &#8220;IRM et le\u0301sions myo-apone\u0301vrotiques re\u0301centes et\u00a0 anciennes&#8221; al Monaco Foot Pro Workshop a Monaco, con il Dr. M.Liberatore\u00a0<\/span><\/p>\n<p><span style=\"font-weight: 400;\">\u25aa Gennaio 2014 &#8211; CoAutore della presentazione &#8220;Indications et choix des examens d&#8217;imagerie dans\u00a0 la pathologie rachidienne cervicale . Quand et \u00e0 qui proposer une infiltration ? &#8221; a Monaco con il Dr.\u00a0 Mathieu Liberatore\u00a0<\/span><\/p>\n<p><span style=\"font-weight: 400;\">\u25aa Settembre 2014 Docenza per l&#8217;evento formativo &#8220;Ottimizzazione protocolli RM&#8221; presso ASL Olbia ,\u00a0 2 edizioni 8-9\/11\/201410-11 settembre 2014&#8243; svolto a Olbia il 8-11\/09\/2014\u00a0<\/span><\/p>\n<p><span style=\"font-weight: 400;\">\u25aa Novembre 2014 &#8211; CoAutore del Libro &#8220;I Test dei concorsi per Tecnico di Radiologia&#8221; EdiSES\u00a0 edizioni\u00a0<\/span><\/p>\n<p><span style=\"font-weight: 400;\">\u25aa 14 Novembre 2014 Organizzazione Primo Forum Manipulateur de Monaco\u00a0<\/span><\/p>\n<p><span style=\"font-weight: 400;\">\u25aa 22 Novembre 2014 CoAutore della presentazione &#8220;Exploration des Tendons du Sportif par IRM &#8221; al 5\u00b0 Foot Pro Workshop di Monaco, con il Dr.M.Liberatore\u00a0<\/span><\/p>\n<p><span style=\"font-weight: 400;\">\u25aa 17 aprile 2015 relatore &#8220;Gli strati radiali in RM&#8221; , Congresso nazionale TSRM a Rimini\u00a0<\/span><\/p>\n<p><span style=\"font-weight: 400;\">\u25aa 25\/5\/2015 Autore del corso FAD : La risonanza Magnetica &#8211; Le basi teoriche e la pratica quotidiana (Seconda Edizione) Accreditato ECM con 25,5 crediti per 1500 (millecinquecento) partecipanti\u00a0<\/span><\/p>\n<p><span style=\"font-weight: 400;\">\u25aa 3 ottobre 2015 relatore &#8220;Neuroanatomie et imagerie des tumeurs cerebrales&#8221; , CHPG di Monaco\u00a0<\/span><\/p>\n<p><span style=\"font-weight: 400;\">\u25aa 15 ottobre 2015, co-autore della presentazione &#8220;Le cancer du sein&#8221; nella Conferenza pubblica\u00a0 tenutasi al CHPG di Monaco\u00a0<\/span><\/p>\n<p><span style=\"font-weight: 400;\">\u25aa Gennaio 2016 , Docente del corso FAD: SPAM &#8211; SPine Approccio Multimodale , 30 crediti\u00a0<\/span><\/p>\n<p><span style=\"font-weight: 400;\">\u25aa Co-Autore della seconda edizione del Libro &#8220;I Test dei concorsi per Tecnico di Radiologia&#8221; EdiSES\u00a0 edizioni\u00a0<\/span><\/p>\n<p><span style=\"font-weight: 400;\">\u25aa Relatore all&#8217;evento formativo dal titolo &#8220;3D Digital Days&#8221;, 7-9 giugno Milano, con l&#8217;intervento\u00a0 &#8220;Sequenze di acquisizione volumetrica in RMN: matrice Vs tempo&#8221;\u00a0<\/span><\/p>\n<p><span style=\"font-weight: 400;\">\u25aa 7 ago 2016 &#8211; Autore del libro &#8220;Angiografia in Risonanza Magnetica per il TSRM: Nozioni teoriche ed esempi pratici (TASCABILI Atena Learning Project Vol. 3)&#8221; &#8211; Formato Kindle e cartaceo &#8211; ISBN-13:\u00a0 978-197403141 &#8211; Collana: Tascabili Atena Learning Project\u00a0<\/span><\/p>\n<p><span style=\"font-weight: 400;\">\u25aa 6 ago 2016 &#8211; Autore del Libro &#8220;Diffusione in Risonanza Magnetica Per Il Tecnico Di Radiologia\u00a0 <\/span><span style=\"font-weight: 400;\">Medica: Teoria Ed Approccio Metodologico: Volume 2 &#8221; \u2013 ISBN-13: 978-1536952742 &#8211; Collana:\u00a0 \u00a0<\/span><span style=\"font-weight: 400;\">Tascabili Atena Learning Project\u00a0<\/span><\/p>\n<p><span style=\"font-weight: 400;\">\u25aa 21 lug 2017 &#8211; Autore del Libro &#8220;Spalla in Risonanza Magnetica: Per Il Tecnico Di Radiologia &#8221; \u2013\u00a0 \u00a0<\/span><span style=\"font-weight: 400;\">ISBN-13: 978-1973818687 &#8211; Collana: Tascabili Atena Learning Project\u00a0<\/span><\/p>\n<p><span style=\"font-weight: 400;\">\u25aa 30 set 2017 Moderatore sessione muscoloscheletrica al Congresso nazionale dei Tecnici di\u00a0 \u00a0<\/span><span style=\"font-weight: 400;\">Radiologia Medica &#8211; Napoli\u00a0<\/span><\/p>\n<p><span style=\"font-weight: 400;\">\u25aa 29-30 set 2017 Co-Autore del poster &#8220;Ruolo delle sequenze DWI nello studio e nel follow-up di\u00a0 lesioni mu-scolo-tendinee di origine traumatica: valutazione della metodica e confronto con\u00a0 \u00a0<\/span><span style=\"font-weight: 400;\">sequenze STIR&#8221; al Congresso nazionale dei Tecnici di Radiologia Medica &#8211; Napoli\u00a0<\/span><\/p>\n<p><span style=\"font-weight: 400;\">\u25aa 14-15 Ottobre 2017 Preparazione delle presentazioni per le Journee Francaise de Radiologie per il Dr M. Liberatore (Le\u0301sions du complexe labro-bicipital, Les points clefs en imagerie) et Dr A.\u00a0 \u00a0<\/span><span style=\"font-weight: 400;\">Iannessi (Stabilite\u0301 d&#8217;e\u0301paule et Labrum Inferieur, Les points clefs en imagerie) (Masses et Kystes\u00a0 \u00a0<\/span><span style=\"font-weight: 400;\">cervicaux de l&#8217;Adulte)\u00a0<\/span><\/p>\n<p><span style=\"font-weight: 400;\">\u25aa 17 Marzo 2018 Relatore al congresso nazionale di risonanza magnetica francese a Nizza,\u00a0 \u00a0<\/span><span style=\"font-weight: 400;\">&#8220;Reconstrucion 3D en IRM&#8221;\u00a0<\/span><\/p>\n<p><span style=\"font-weight: 400;\">\u25aa 24 Marzo 2018 Relatore all&#8217;incontro Uroradiologia presso il CIMM di Monaco, &#8220;La sicurezza in RM&#8221;\u00a0<\/span><\/p>\n<p><span style=\"font-weight: 400;\">\u25aa 13 Ottobre 2018 relatore al congresso nazionale JFR a Parigi, &#8220;COURS N\u00b0 1 : 14513 &#8211; IRM et sur spe\u0301cialisation du manipulateur&#8221;\u00a0<\/span><\/p>\n<p><span style=\"font-weight: 400;\">\u25aa 15 Marzo 2019 -relatore al congresso Monaco Age Oncologie: &#8220;IRM: Spe\u0301cificite\u0301s techniques\u00a0 d&#8217;imagerie exploratoire en oncologie chez la personne \u00e2ge\u0301e&#8221;\u00a0<\/span><\/p>\n<p><span style=\"font-weight: 400;\">2021 Lezione al Master di Risonanza Magnetica edizione 2021-2022 Unipegaso: Sequenze Spin Echo<\/span><\/p>\n<p><span style=\"font-weight: 400;\">2021 Lezione al Master di Risonanza Magnetica edizione 2021-2022 Unipegaso: Sequenze Inversion Recovery e Gradient Echo<\/span><\/p>\n<p><span style=\"font-weight: 400;\">2021 Lezione al Master di Metodiche e Tecnologie Avanzate in Medicina Nucleare\u00a0 edizione 2021-2022 Unipegaso: Fondamenti TC<\/span><\/p>\n<p><span style=\"font-weight: 400;\">Universit\u00e0 <\/span><span style=\"font-weight: 400;\">\u25aa Docente al Master di I Livello \u2013 Metodiche e Tecnologie Avanzate in Medicina Nucleare&#8221;- a.a. 2021\/2022 &#8211; Universit\u00e0 Teematica Pegaso Docente al Master di I Livello\u00a0 \u2013 <\/span><span style=\"font-weight: 400;\">Risonanza Magnetica: specialista tra competenze teorico-pratiche<\/span><span style=\"font-weight: 400;\">&#8220;- a.a. 2021\/2022 &#8211; Universit\u00e0 Teematica Pegaso<\/span><\/p>\n<p><span style=\"font-weight: 400;\">CORSI DI AGGIORNAMENTO<\/span><\/p>\n<ol start=\"2\">\n<li><span style=\"font-weight: 400;\">\u201cLo studio e la terapia nel cranio-encefalo in :Rx tradizionale, TC, RM, Angiografia Digitale,\u00a0 Medicina Nucleare, Radioterapia&#8221;. Pianfei (CN) 12-13 ottobre 1996 \u201cTecniche di imaging cardiaco&#8221;. Torino 8-9 novembre 1996\u00a0<\/span><\/li>\n<li><span style=\"font-weight: 400;\"> \u201cL&#8217;evoluzione dell&#8217;imaging diagnostico del 2000&#8243;. Parma 16 novembre 1996\u00a0<\/span><\/li>\n<li><span style=\"font-weight: 400;\"> \u201cTC Spirale&#8221;. Baveno 18-20 aprile 1997\u00a0<\/span><\/li>\n<li><span style=\"font-weight: 400;\"> \u201cL&#8217;approccio congressuale&#8221;. Alzate Brianza (CO) 10 maggio 1997\u00a0<\/span><\/li>\n<li><span style=\"font-weight: 400;\"> \u201cRadiologia ed anatomia informatica &#8211; Il corpo virtuale&#8221;. Torino 7 giugno 1997\u00a0<\/span><\/li>\n<li><span style=\"font-weight: 400;\"> \u201cEncefalo: tecniche diagnostiche e radioterapiche&#8221;. Torino 7-8 novembre 1997\u00a0<\/span><\/li>\n<li><span style=\"font-weight: 400;\"> \u201cPremio Liguria&#8221;. Arenzano (GE) 13 dicembre 1997\u00a0<\/span><\/li>\n<li><span style=\"font-weight: 400;\"> \u201cLe infezioni ospedaliere: situazione attuale e prospettive future&#8221;. Pietra Ligure (SV) 16 gennaio\u00a0 1998\u00a0<\/span><\/li>\n<li><span style=\"font-weight: 400;\"> \u201cAspetti psicologici del paziente pre e post diagnosi&#8221;. Torino 21 marzo 1998\u00a0<\/span><\/li>\n<li><span style=\"font-weight: 400;\"> \u201cTSRM e assicurazione di qualit\u00e0 in radioterapia: ruoli e funzioni di una professione che cambia&#8221;.\u00a0 Firenze 28-29 marzo 1998\u00a0<\/span><\/li>\n<li><span style=\"font-weight: 400;\"> \u201cCorso per TSRM nelle indagini RIA&#8221; Pietra Ligure (16 ore) dal 4 marzo 1998 al 2 aprile 1998.\u00a0<\/span><\/li>\n<li><span style=\"font-weight: 400;\"> \u201cL&#8217;impianto radiodiagnostico&#8221;. Alzate Brianza (CO) 25 aprile 1998\u00a0<\/span><\/li>\n<li><span style=\"font-weight: 400;\"> \u201cRuolo e funzioni del TSRM nell&#8217;area radiologica e polispecialistica&#8221;. Milano 23-24 maggio 1998. 15. \u201cAdvantage Windows Workshop&#8221;. C.R.O. Aviano (PN) 25 settembre 1998\u00a0<\/span><\/li>\n<li><span style=\"font-weight: 400;\"> &#8220;La TAC osteoarticolare&#8221; Milano 14 maggio 1998\u00a0<\/span><\/li>\n<li><span style=\"font-weight: 400;\"> \u201cLa TC nell&#8217;iter diagnostico delle patologie dell&#8217;apparato locomotore&#8221; Milano 13-14 novembre 1998 18. \u201c39\u00b0 Congresso Nazionale SIRM&#8221; Milano 10-14 giugno 2000\u00a0<\/span><\/li>\n<li><span style=\"font-weight: 400;\"> \u201cSeance d&#8217;Enseignement Post-Universitaire (Ponnction sous scanner; Scanner des sinus;\u00a0 <\/span>Osteodensitometrie) &#8221; Nice 14 marzo 2001<\/li>\n<\/ol>\n<ol start=\"49\">\n<li><span style=\"font-weight: 400;\"> \u201cEvoluzione Tecnologica in radiologia: TC ed RM a confronto&#8221; Saint Vincent 21-23 settembre 2001\u00a0<\/span><\/li>\n<li><span style=\"font-weight: 400;\"> Partecipazione, in rappresentanza del CIMM, ad una giornata di aggiornamento per Tecnici\u00a0 \u00a0<\/span>organizzata da Siemens per il dipartimento sud-est della Francia.<\/li>\n<li><span style=\"font-weight: 400;\"> Corso ondine MANUALE DI ANATOMIA E TECNICA RM DELLE ARTICOLAZIONI (Codice ECM 275-1072) (20 crediti) 14 febbraio 2011\u00a0<\/span><\/li>\n<li><span style=\"font-weight: 400;\"> 0061 &#8211; Comunicazione e integrazione organizzativa &#8211; Corso online ECM (8crediti) 16 febbraio\u00a0 \u00a0<\/span>2011<\/li>\n<li><span style=\"font-weight: 400;\"> RM body ad alto campo &#8211; FAD &#8211; 15 luglio 2011\u00a0<\/span><\/li>\n<li><span style=\"font-weight: 400;\"> Mezzo di contrasto e parametri di acquisizione: strategie di riduzione della dose FAD &#8211; 22 luglio\u00a0 2011\u00a0<\/span><\/li>\n<li><span style=\"font-weight: 400;\"> Manuale di Tecnica e Anatomia RM delle articolazioni (FAD) 22 crediti \u2013 16-2-2012\u00a0<\/span><\/li>\n<li><span style=\"font-weight: 400;\"> Corso di radioprotezione: soluzioni tecnico operative per la riduzione della dose &#8211; applicazioni e\u00a0 legislazione (FAD) 10 crediti ECM , 15 giugno 2012\u00a0<\/span><\/li>\n<li><span style=\"font-weight: 400;\"> RSNA 1-6 Dicembre 2013 &#8211; Chicago\u00a0<\/span><\/li>\n<li><span style=\"font-weight: 400;\"> Annual Meeting SMRT\/ISMRM 9-11 Maggio 2014 &#8211; Milano\u00a0<\/span><\/li>\n<li><span style=\"font-weight: 400;\"> Corso di intervento d&#8217;urgenza sulle allergie ai mezzi di contrasto. Settembre 2014, Marsiglia 31. RM della Prostata &#8211; Giugno 2015, Nizza\u00a0<\/span><\/li>\n<li><span style=\"font-weight: 400;\"> SMRT Basic MRI Safety Training to Prevent Accidents and Injuries Level 1 &#8211; 21 Agosto 2015 33. SMRT Advanced MRI Safety Training for MRI Healthcare Professionals Level 2\u00a0<\/span><\/li>\n<li><span style=\"font-weight: 400;\"> SMRT Video Safety Series Part 1 &#8211; SMRT &#8211; Wm. Faulkner &#8211; 0.50 ARRT Category A &amp; 0.50 COP\u00a0 Credits &#8211; 31 ott &#8211; 2015\u00a0<\/span><\/li>\n<li><span style=\"font-weight: 400;\"> SMRT Video Safety Series Part 2 &#8211; SMRT &#8211; Wm. Faulkner &#8211; 0.50 ARRT Category A &amp; 0.50 COP\u00a0 Credits &#8211; 1 nov 2015\u00a0<\/span><\/li>\n<li><span style=\"font-weight: 400;\"> SMRT Video Safety Series Part 3 &#8211; SMRT &#8211; Wm. Faulkner &#8211; 0.50 ARRT Category A &amp; 0.50 COP\u00a0 Credits &#8211; 1 nov 2015\u00a0<\/span><\/li>\n<li><span style=\"font-weight: 400;\"> SMRT Video Safety Series Part 4 &#8211; SMRT &#8211; Wm. Faulkner &#8211; 0.50 ARRT Category A &amp; 0.50 COP\u00a0 Credits &#8211; 7 nov 2015\u00a0<\/span><\/li>\n<li><span style=\"font-weight: 400;\"> SMRT Video Safety Series Part 5 &#8211; SMRT &#8211; Wm. Faulkner &#8211; 0.50 ARRT Category A &amp; 0.50 COP\u00a0 Credits &#8211; 7 nov 2015\u00a0<\/span><\/li>\n<li><span style=\"font-weight: 400;\"> SMRT Video Safety Series Part 6 &#8211; SMRT &#8211; Wm. Faulkner &#8211; 0.50 ARRT Category A &amp; 0.50 COP\u00a0 Credits &#8211; 7 nov 2015\u00a0<\/span><\/li>\n<li><span style=\"font-weight: 400;\"> Cardiologia della complessit\u00e0: la cura del paziente cardiovascolare con pi\u00f9 patologie e pi\u00f9 terapie &#8211; FAD online da 22 crediti tenuto da Summeet FAD, il 13-06-2016\u00a0<\/span><\/li>\n<li><span style=\"font-weight: 400;\"> La Sanit\u00e0 digitale alla sfida della sanit\u00e0 italiana, corso FAD, 50 Crediti ECM, il 22\/10\/2016\u00a0<\/span><\/li>\n<li><span style=\"font-weight: 400;\"> Corso &#8220;La radioprotezione dei lavoratori nelle attivit\u00e0 sanitarie&#8221; realizzato dalla Fondazione IRCCS\u00a0 Ca&#8217; Granda &#8211; Ospedale Maggiore Policlinico. Corso FAD &#8211; &#8211; id evento: 143123 &#8211; 18 crediti ECM\u00a0<\/span><\/li>\n<li><span style=\"font-weight: 400;\"> Corso &#8220;Radiation dose management in CT&#8221; a cura della IAEA, completato il 20 Novembre 2016\u00a0<\/span><\/li>\n<li><span style=\"font-weight: 400;\"> Corso FAD &#8220;La Radiologia Domiciliare nell&#8217;assistenza extraospedaliera: tecnologie, management\u00a0 e normativa&#8221; a cura di AITASIT, 30 punti ECM, completato il 27 Novembre 2016\u00a0<\/span><\/li>\n<li><span style=\"font-weight: 400;\"> Corso FAD &#8220;Privacy nei contesti sanitari: adempimenti e indicazioni per operatori e addetti ai\u00a0 lavori&#8221; , a cura di AITASIT, 15 punti ECM, completato il 5 Dicembre 2016\u00a0<\/span><\/li>\n<li><span style=\"font-weight: 400;\"> Corso FAD &#8220;Le infezioni urinarie&#8221; n. crediti ECM: 8 &#8211; ECMCLUB axenso | Milano &#8211; completato il 1\u00a0 maggio 2017\u00a0<\/span><\/li>\n<li><span style=\"font-weight: 400;\"> Corso FAD &#8220;Temi di Genetica 2017&#8221; n. crediti ECM: 8 &#8211; Ospedale Pediatrico Bambino Ges\u00f9\u00a0 I.R.C.C.S. &#8211; completato il 1 maggio 2017\u00a0<\/span><\/li>\n<li><span style=\"font-weight: 400;\"> Corso FAD &#8220;LA RICERCA CLINICA CONDOTTA IN GOOD CLINICAL PRACTICE\u00a0 \u00a0<\/span>APPROFONDIMENTI E APPLICAZIONE DELLE NORMATIVE DIRIFERIMENTO&#8221; &#8211; n. 182688 &#8211; con\u00a0 50 Crediti ECM &#8211; completato il 24\/11\/2017<\/li>\n<li><span style=\"font-weight: 400;\">Aggiornamento online Fundamentals of Magnetic Resonance: Spatial Localization &#8211; 1.5 ARRT\u00a0 Category A &amp; 1.5 CPD Credits\u00a0<\/span><\/li>\n<li><span style=\"font-weight: 400;\"> Advanced Acquisitions in Breast MRI &#8211; SMRT Educational Seminars Home Study Program &#8211;\u00a0 18.04.2018 &#8211; .50 ARRT Category A &amp; .50 CPD Credits\u00a0<\/span><\/li>\n<li><span style=\"font-weight: 400;\"> Breast MR Forum: Clinical Use of Breast MRI &#8211; SMRT Educational Seminars Home Study\u00a0 Program &#8211; 18.04.2018 &#8211; 0.50 ARRT Category A &amp; 0.50 CPD Credits\u00a0<\/span><\/li>\n<li><span style=\"font-weight: 400;\"> Initiation aux Premiers Secours &#8211; Croix Rouge Monegasque &#8211; 19\/01\/2019\u00a0<\/span><\/li>\n<li><span style=\"font-weight: 400;\"> FAD Emergenza sanitaria da nuovo coronavirus SARS CoV-2: preparazione e contrasto &#8211;\u00a0 30\/03\/2020 &#8211; ECM 20,8 &#8211; ID AGENAS 292318\u00a0<\/span><\/li>\n<li><span style=\"font-weight: 400;\"> FAD Prevenzione e controllo delle infezioni nel contesto dell&#8217;emergenza COVID-19 &#8211; 30\/03\/2020 &#8211;\u00a0 ECM 6,5 &#8211; ID AGENAS 294967\u00a0<\/span><\/li>\n<li><span style=\"font-weight: 400;\"> Batti il 5 &#8211; La buona pratica dell\u2019igiene delle mani &#8211; 02\/04\/2020 &#8211;\u00a0<\/span><\/li>\n<li><span style=\"font-weight: 400;\"> FAD Post-Processing e Digital Manufacturing &#8211; 08\/05\/2020 &#8211; ATENA Learning Project\u00a0<\/span><\/li>\n<\/ol>\n<p><span style=\"font-weight: 400;\">STUDI DI RICERCA<\/span><\/p>\n<p><span style=\"font-weight: 400;\">\u25aa dal 2015 Responsabile e Referente dei centri CIMM e CISM dello studio HYPSIC condotto da\u00a0 Axonal per il monitoraggio delle reazioni avverse alla somministrazione dei mezzi di contrasto a\u00a0\u00a0<\/span><span style=\"font-weight: 400;\">base di Gadolinio\u00a0<\/span><\/p>\n<p><span style=\"font-weight: 400;\">\u25aa dal 2019 Responsabile e Referente del centro CIMM dello studio FULCRUM in collaborazione con\u00a0 il CHU de Nice sullo studio muscolare periferico nelle malattie neurodegenerative\u00a0<\/span><\/p>\n<p><span style=\"font-weight: 400;\">\u25aa dal 2020 Responsabile e Referente del centro CIMM dello studio EPIC, in collaborazione con il\u00a0 \u00a0<\/span><span style=\"font-weight: 400;\">laboratorio Guerbet, per il monitoraggio delle iniezioni a split bolus\u00a0 <\/span><\/p>\n<p><span style=\"font-weight: 400;\">dal 2022 Responsabile e Referente del centro CIMM dello studio RESOLVE\u00a0 in collaborazione con\u00a0 il CHU de Nice sullo studio muscolare periferico nelle malattie neurodegenerative\u00a0<\/span><\/p>\n<p><span style=\"font-weight: 400;\">Memberships <\/span><\/p>\n<p><span style=\"font-weight: 400;\">011-2012 Socio American Roentgen Ray Society\u00a0<\/span><\/p>\n<p><span style=\"font-weight: 400;\">2012-2014 Socio International Society for Magnetic Resonance in Medicine (SMRT)\u00a0<\/span><\/p>\n<p><span style=\"font-weight: 400;\">2009-2014 Socio Idea RM\u00a0<\/span><\/p>\n<p><span style=\"font-weight: 400;\">2012, 2013 Socio AITASIT\u00a0<\/span><\/p>\n<p><span style=\"font-weight: 400;\">2012, 2013 Socio Calabrian Radiology\u00a0<\/span><\/p>\n<p><span style=\"font-weight: 400;\">2013 Socio AITRI\u00a0<\/span><\/p>\n<p><span style=\"font-weight: 400;\">2018 Socio International Society for Magnetic Resonance in Medicine (SMRT)\u00a0<\/span><\/p>\n<p><span style=\"font-weight: 400;\">2018 Socio Afppe Association fran\u00e7aise du personnel parame\u0301dical d&#8217;e\u0301lectroradiologie\u00a0<\/span><\/p>\n<p><span style=\"font-weight: 400;\">\u00a0\u00a02021-&gt; Componente del Consiglio direttivo Associazione Italiana Tecnici di Radiologia TC (AITeRTC)<\/span><\/p>\n<p><span style=\"font-weight: 400;\">2021 -&gt; Responsabile Webmaster Associazione Italiana Tecnici di Radiologia TC (AITeRTC)<\/span><\/p>\n<p><span style=\"font-weight: 400;\">Altro <\/span><span style=\"font-weight: 400;\">Dal 27 luglio 1998 iscritto al Collegio Professionale Tecnici Sanitari di Radiologia Medica della\u00a0 Provincia di Cuneo5\u00b0 posto al Concorso Pubblico per 3 posti di ruolo presso l&#8217;ASL di Savigliano nel\u00a0 \u00a0<\/span><span style=\"font-weight: 400;\">1999\u00a0<\/span><\/p>\n<p><span style=\"font-weight: 400;\">Dal 11 Maggio 2014 Co-Chair della sezione Social Media &amp; Publication Committee della Societ\u00e0\u00a0 \u00a0<\/span><span style=\"font-weight: 400;\">Internazionale Risonanza Magnetica (Sezione Tecnici)\u00a0<\/span><\/p>\n<p><span style=\"font-weight: 400;\">Giugno 2015 partecipazione attiva ad una puntata di Alive , Rete4, relativa ad un salvataggio di un\u00a0 \u00a0<\/span><span style=\"font-weight: 400;\">bambino infortunato in montagna effettuato alcuni anni prima\u00a0<\/span><\/p>\n<p><span style=\"font-weight: 400;\">2021-&gt;\u00a0 Revisore di articoli della rivista Veterinary Medecine and Science<\/span><\/p>\n","protected":false},"excerpt":{"rendered":"<p>Tecnico Sanitario Radiologia Medica\u00a0 ESPERIENZE LAVORATIVE 5 Sep 1999\u20135 Oct 2001 Tecnico Sanitario Radiologia Medica\u00a0 CEDIM SpA, Sanremo Le mansioni svolte presso questo centro comprendono esami Mammografici (con apparecchiatura\u00a0\u00a0GE Seno DMR), Radiologia Tradizionale e Digitale (con apparecchiatura GE Prestige SI), MOC\u00a0DEXA (Hologic QDR 4500 Elite), Ortopantomografia (Orthophos Siemens), TAC Spirale (GE\u00a0\u00a0Prospeed S Fast), Risonanza Magnetica&hellip;<\/p>\n","protected":false},"author":1,"featured_media":0,"parent":0,"menu_order":0,"comment_status":"closed","ping_status":"closed","template":"","meta":[],"_links":{"self":[{"href":"http:\/\/andreaforneris.com\/web\/wp-json\/wp\/v2\/pages\/76818"}],"collection":[{"href":"http:\/\/andreaforneris.com\/web\/wp-json\/wp\/v2\/pages"}],"about":[{"href":"http:\/\/andreaforneris.com\/web\/wp-json\/wp\/v2\/types\/page"}],"author":[{"embeddable":true,"href":"http:\/\/andreaforneris.com\/web\/wp-json\/wp\/v2\/users\/1"}],"replies":[{"embeddable":true,"href":"http:\/\/andreaforneris.com\/web\/wp-json\/wp\/v2\/comments?post=76818"}],"version-history":[{"count":3,"href":"http:\/\/andreaforneris.com\/web\/wp-json\/wp\/v2\/pages\/76818\/revisions"}],"predecessor-version":[{"id":76824,"href":"http:\/\/andreaforneris.com\/web\/wp-json\/wp\/v2\/pages\/76818\/revisions\/76824"}],"wp:attachment":[{"href":"http:\/\/andreaforneris.com\/web\/wp-json\/wp\/v2\/media?parent=76818"}],"curies":[{"name":"wp","href":"https:\/\/api.w.org\/{rel}","templated":true}]}}